{"id":13746,"date":"2025-04-03T09:19:52","date_gmt":"2025-04-03T09:19:52","guid":{"rendered":"https:\/\/esquell.eu\/product\/colle-epoxy-pour-bijoux-colle-minute-2-composants-marque-weicon\/"},"modified":"2026-01-17T04:48:46","modified_gmt":"2026-01-17T04:48:46","slug":"colle-epoxy-pour-bijoux-colle-minute-2-composants-marque-weicon","status":"publish","type":"product","link":"https:\/\/esquell.eu\/fr\/produit\/colle-epoxy-pour-bijoux-colle-minute-2-composants-marque-weicon\/","title":{"rendered":"Colle \u00e9poxy pour bijoux. Colle minute. 2 composants. Marque Weicon"},"content":{"rendered":"<p>Cette colle pour bijoux \u00e0 2 composants est \u00e9paisse, autonivelante et durcit rapidement.<\/p>\n<p>La colle a un temps d&rsquo;application tr\u00e8s court et est transparente.<\/p>\n<p>La colle minute WEICON Epoxy peut \u00eatre utilis\u00e9e sur de nombreux mat\u00e9riaux, tels que le m\u00e9tal, le plastique, les composites \u00e0 base de fibres, la c\u00e9ramique, le verre, la pierre ou le bois.<\/p>\n<p>24 ml<\/p>\n<p>Voir la fiche technique du produit pour l&rsquo;avertissement de s\u00e9curit\u00e9.<\/p>\n","protected":false},"excerpt":{"rendered":"<p>Cette colle bijouti\u00e8re \u00e0 2 composants est \u00e9paisse, autonivelante et \u00e0 prise rapide.<\/p>\n<p>La colle a un temps d&rsquo;application tr\u00e8s court et est transparente.<\/p>\n<p>La colle instantan\u00e9e WEICON Epoxy peut \u00eatre utilis\u00e9e sur de nombreux mat\u00e9riaux, tels que le m\u00e9tal, le plastique, les composites \u00e0 base de fibres, la c\u00e9ramique, le verre, la pierre ou le bois.<\/p>\n<p>24 ml<\/p>\n<p>Voir la fiche technique du produit pour l&rsquo;avertissement de s\u00e9curit\u00e9.<\/p>\n","protected":false},"featured_media":15136,"comment_status":"closed","ping_status":"closed","template":"","meta":{"_acf_changed":false,"_seopress_robots_primary_cat":"none","_seopress_titles_title":"","_seopress_titles_desc":"","_seopress_robots_index":""},"more":[],"product_brand":[6363],"product_cat":[11484,6364],"product_tag":[13989,11487,6386,13983,6393,6372,6642,9352,6409,6412,9919,11489,12928,13985,13993,13982,13987,11497,11503,13981,11493,12926,13995,6706,6650,6743,11505,11495,10080,6374,7510,8317,6635,7479,6481,6381,6369,11509,6400,11024,6759,11507,7405,6636,6391,6485,13991,6428,7279,11491,7602,11133,7506,6749,8603,11485,11499,8445,10996,13980,7266,6408,11501,6482],"class_list":{"0":"post-13746","1":"product","2":"type-product","3":"status-publish","4":"has-post-thumbnail","6":"product_brand-bm","7":"product_cat-adhesifs","8":"product_cat-materiel-supplementaire","9":"product_tag-2composants","10":"product_tag-adhesifs","11":"product_tag-aida","12":"product_tag-bave-de-bronze","13":"product_tag-belgique","14":"product_tag-bijoux","15":"product_tag-bijoux-2","16":"product_tag-bijoux-diy","17":"product_tag-bricolage","18":"product_tag-bronze","19":"product_tag-colle","20":"product_tag-colle-2","21":"product_tag-colle-a-cabochon","22":"product_tag-colle-argentee","23":"product_tag-colle-bijoux","24":"product_tag-colle-de-cuivre","25":"product_tag-colle-de-laiton","26":"product_tag-colle-epoxy","27":"product_tag-colle-minute","28":"product_tag-colle-perlee","29":"product_tag-colle-pour-bijoux","30":"product_tag-colle-pour-pierres-precieuses","31":"product_tag-colles","32":"product_tag-commerce-de-gros","33":"product_tag-cuivre","34":"product_tag-distributeur","35":"product_tag-dur","36":"product_tag-epais","37":"product_tag-fabrication-de-bijoux-2","38":"product_tag-faire","39":"product_tag-flexible","40":"product_tag-fort-2","41":"product_tag-fournitures","42":"product_tag-france-2","43":"product_tag-galets","44":"product_tag-japon","45":"product_tag-largent","46":"product_tag-liquide-2","47":"product_tag-luxembourg","48":"product_tag-materiaux","49":"product_tag-metal","50":"product_tag-nivellement","51":"product_tag-outil-2","52":"product_tag-outils","53":"product_tag-pays-bas","54":"product_tag-perles","55":"product_tag-permanent-2","56":"product_tag-pierre","57":"product_tag-pierre-2","58":"product_tag-pierre-naturelle-2","59":"product_tag-pierres-precieuses","60":"product_tag-pierres-semi-precieuses","61":"product_tag-pour","62":"product_tag-professionnel","63":"product_tag-professionnel-3","64":"product_tag-rapide-2","65":"product_tag-sieaden","66":"product_tag-strass-2","67":"product_tag-strass-4","68":"product_tag-temps-de-sechage","69":"product_tag-transparent","70":"product_tag-vous","71":"product_tag-weicon","72":"product_tag-zircone","73":"product_shipping_class-standard","75":"first","76":"instock","77":"taxable","78":"shipping-taxable","79":"purchasable","80":"product-type-simple"},"acf":[],"_links":{"self":[{"href":"https:\/\/esquell.eu\/fr\/wp-json\/wp\/v2\/product\/13746","targetHints":{"allow":["GET"]}}],"collection":[{"href":"https:\/\/esquell.eu\/fr\/wp-json\/wp\/v2\/product"}],"about":[{"href":"https:\/\/esquell.eu\/fr\/wp-json\/wp\/v2\/types\/product"}],"replies":[{"embeddable":true,"href":"https:\/\/esquell.eu\/fr\/wp-json\/wp\/v2\/comments?post=13746"}],"wp:featuredmedia":[{"embeddable":true,"href":"https:\/\/esquell.eu\/fr\/wp-json\/wp\/v2\/media\/15136"}],"wp:attachment":[{"href":"https:\/\/esquell.eu\/fr\/wp-json\/wp\/v2\/media?parent=13746"}],"wp:term":[{"taxonomy":"more","embeddable":true,"href":"https:\/\/esquell.eu\/fr\/wp-json\/wp\/v2\/more?post=13746"},{"taxonomy":"product_brand","embeddable":true,"href":"https:\/\/esquell.eu\/fr\/wp-json\/wp\/v2\/product_brand?post=13746"},{"taxonomy":"product_cat","embeddable":true,"href":"https:\/\/esquell.eu\/fr\/wp-json\/wp\/v2\/product_cat?post=13746"},{"taxonomy":"product_tag","embeddable":true,"href":"https:\/\/esquell.eu\/fr\/wp-json\/wp\/v2\/product_tag?post=13746"}],"curies":[{"name":"wp","href":"https:\/\/api.w.org\/{rel}","templated":true}]}}