{"id":11182,"date":"2025-02-20T10:23:51","date_gmt":"2025-02-20T10:23:51","guid":{"rendered":"https:\/\/esquell.eu\/inspiratie\/pendentif-en-argent-texture\/"},"modified":"2025-11-05T10:49:12","modified_gmt":"2025-11-05T10:49:12","slug":"pendentif-en-argent-texture","status":"publish","type":"inspiratie","link":"https:\/\/esquell.eu\/fr\/inspiration\/pendentif-en-argent-texture\/","title":{"rendered":"Pendentif en argent textur\u00e9"},"content":{"rendered":"\n<div class=\"block block-text my-5 my-lg-7\">\n            <div class=\"container\">\n                <div class=\"row\">\n                <div class=\"col-12 col-lg-10 col-xxl-8 mx-auto\">\n                    <p>Ce pendentif est r\u00e9alis\u00e9 en <a href=\"https:\/\/esquell.eu\/product\/zilverklei-7-gram-acs-za0272\/\"><strong>d&rsquo;arguile d&rsquo;argent.<\/strong><\/a> La forme provient d&rsquo;un<a href=\"https:\/\/esquell.eu\/?s=template\"><strong> mod\u00e8le<\/strong><\/a>. Le pendentif est muni d&rsquo;un anneau invisible, appel\u00e9 <a href=\"https:\/\/esquell.eu\/product\/art-clay-bail-back-premium-999-fijn-zilver-acs-k-0008a-2\/\"><strong>le fond du pendentif.<\/strong><\/a> La moiti\u00e9 du pendentif est textur\u00e9e. Cela donne un petit plus au design. La texture est obtenue \u00e0 l&rsquo;aide d&rsquo;un <a href=\"https:\/\/esquell.eu\/?s=textuurmat\"><strong>tapis de texture.<\/strong><\/a>   <\/p>\n<p>Apr\u00e8s la cuisson, le polissage et le lustrage, le pendentif a \u00e9t\u00e9 noirci \u00e0 l&rsquo;aide de <a href=\"https:\/\/esquell.eu\/product\/blitz-beits-zwavel-lever-liver-of-sulver-6-ml-f-0038\/\"><strong>Blitz-Beits<\/strong><\/a> Le noircissement fait mieux ressortir la texture.<\/p>\n<p>Le<a href=\"https:\/\/esquell.eu\/product\/rubber-collier-koord-met-degelijke-925-zilveren-sluiting-4mm-diverse-lengtes\/\"><strong> collier en caoutchouc <\/strong><\/a> avec fermoir en argent lui conf\u00e8re un look cool.<\/p>\n\n                                    <\/div>\n            <\/div>\n            <\/div>\n    <\/div>","protected":false},"featured_media":11185,"parent":0,"template":"","inspiratie-taxonomy":[6325],"class_list":["post-11182","inspiratie","type-inspiratie","status-publish","has-post-thumbnail","hentry","inspiratie-taxonomy-pendentif"],"acf":[],"_links":{"self":[{"href":"https:\/\/esquell.eu\/fr\/wp-json\/wp\/v2\/inspiratie\/11182","targetHints":{"allow":["GET"]}}],"collection":[{"href":"https:\/\/esquell.eu\/fr\/wp-json\/wp\/v2\/inspiratie"}],"about":[{"href":"https:\/\/esquell.eu\/fr\/wp-json\/wp\/v2\/types\/inspiratie"}],"wp:featuredmedia":[{"embeddable":true,"href":"https:\/\/esquell.eu\/fr\/wp-json\/wp\/v2\/media\/11185"}],"wp:attachment":[{"href":"https:\/\/esquell.eu\/fr\/wp-json\/wp\/v2\/media?parent=11182"}],"wp:term":[{"taxonomy":"inspiratie-taxonomy","embeddable":true,"href":"https:\/\/esquell.eu\/fr\/wp-json\/wp\/v2\/inspiratie-taxonomy?post=11182"}],"curies":[{"name":"wp","href":"https:\/\/api.w.org\/{rel}","templated":true}]}}