{"id":26253,"date":"2025-04-03T09:22:39","date_gmt":"2025-04-03T09:22:39","guid":{"rendered":"https:\/\/esquell.eu\/product\/poliertuch-klein\/"},"modified":"2025-04-03T09:22:39","modified_gmt":"2025-04-03T09:22:39","slug":"poliertuch-klein","status":"publish","type":"product","link":"https:\/\/esquell.eu\/de\/produkt\/poliertuch-klein\/","title":{"rendered":"Poliertuch klein"},"content":{"rendered":"<div class=\"product-addition-content\">\n<p>Poliertuch klein.<\/p>\n<p>Polieren Sie den Schmuck mit einem Poliertuch, um ihm zus\u00e4tzlichen Glanz zu verleihen.<\/p>\n<p>Verwenden Sie das Poliertuch zuletzt, nachdem Sie mit den Schleifpads und anderen Polituren fertig sind.<\/p>\n<p>Sie k\u00f6nnen das Poliertuch auch f\u00fcr die Pflege verwenden. Unter dem Einfluss von S\u00e4ure dunkelt Silber mit der Zeit nach. Mit dem Poliertuch k\u00f6nnen Sie Ihren Schmuck wieder zum Gl\u00e4nzen bringen.  <\/p>\n<p>Das Poliertuch kann in einer anderen Farbe geliefert werden.<\/p>\n<\/div>\n","protected":false},"excerpt":{"rendered":"<p>Poliertuch klein.<\/p>\n<p>Polieren Sie den Schmuck mit einem Poliertuch, um ihm zus\u00e4tzlichen Glanz zu verleihen.<\/p>\n<p>Verwenden Sie das Poliertuch zuletzt, nachdem Sie mit den Schleifpads und anderen Polituren fertig sind.<\/p>\n<p>Sie k\u00f6nnen das Poliertuch auch f\u00fcr die Pflege verwenden. Unter dem Einfluss von S\u00e4ure dunkelt Silber mit der Zeit nach. Mit dem Poliertuch k\u00f6nnen Sie Ihren Schmuck wieder zum Gl\u00e4nzen bringen.  <\/p>\n<p>Das Poliertuch kann in einer anderen Farbe geliefert werden.<\/p>\n","protected":false},"featured_media":7368,"comment_status":"closed","ping_status":"closed","template":"","meta":{"_acf_changed":false,"_seopress_robots_primary_cat":"none","_seopress_titles_title":"","_seopress_titles_desc":"","_seopress_robots_index":""},"more":[],"product_brand":[6365],"product_cat":[7361],"product_tag":[13902,10520,19749,9262,10325,13914,13913,13920,13916,6417,13918],"class_list":{"0":"post-26253","1":"product","2":"type-product","3":"status-publish","4":"has-post-thumbnail","6":"product_brand-l1","7":"product_cat-schleifen-feilen-und-polieren","8":"product_tag-dunkel","9":"product_tag-glanz","10":"product_tag-glanzen-2","11":"product_tag-polieren","12":"product_tag-polieren-2","13":"product_tag-polierpaste","14":"product_tag-poliertuch","15":"product_tag-reinigungstuch","16":"product_tag-sauerstoff","17":"product_tag-silber","18":"product_tag-wartung","19":"product_shipping_class-standard","21":"first","22":"instock","23":"taxable","24":"shipping-taxable","25":"purchasable","26":"product-type-simple"},"acf":[],"_links":{"self":[{"href":"https:\/\/esquell.eu\/de\/wp-json\/wp\/v2\/product\/26253","targetHints":{"allow":["GET"]}}],"collection":[{"href":"https:\/\/esquell.eu\/de\/wp-json\/wp\/v2\/product"}],"about":[{"href":"https:\/\/esquell.eu\/de\/wp-json\/wp\/v2\/types\/product"}],"replies":[{"embeddable":true,"href":"https:\/\/esquell.eu\/de\/wp-json\/wp\/v2\/comments?post=26253"}],"wp:featuredmedia":[{"embeddable":true,"href":"https:\/\/esquell.eu\/de\/wp-json\/wp\/v2\/media\/7368"}],"wp:attachment":[{"href":"https:\/\/esquell.eu\/de\/wp-json\/wp\/v2\/media?parent=26253"}],"wp:term":[{"taxonomy":"more","embeddable":true,"href":"https:\/\/esquell.eu\/de\/wp-json\/wp\/v2\/more?post=26253"},{"taxonomy":"product_brand","embeddable":true,"href":"https:\/\/esquell.eu\/de\/wp-json\/wp\/v2\/product_brand?post=26253"},{"taxonomy":"product_cat","embeddable":true,"href":"https:\/\/esquell.eu\/de\/wp-json\/wp\/v2\/product_cat?post=26253"},{"taxonomy":"product_tag","embeddable":true,"href":"https:\/\/esquell.eu\/de\/wp-json\/wp\/v2\/product_tag?post=26253"}],"curies":[{"name":"wp","href":"https:\/\/api.w.org\/{rel}","templated":true}]}}