{"id":18229,"date":"2025-07-22T11:18:02","date_gmt":"2025-07-22T11:18:02","guid":{"rendered":"https:\/\/esquell.eu\/product\/prometheus-backofen-pro-1-nicht-programmierbar\/"},"modified":"2025-12-22T10:52:13","modified_gmt":"2025-12-22T10:52:13","slug":"prometheus-backofen-pro-1-nicht-programmierbar","status":"publish","type":"product","link":"https:\/\/esquell.eu\/de\/produkt\/prometheus-backofen-pro-1-nicht-programmierbar\/","title":{"rendered":"Prometheus Backofen Pro-1 Nicht programmierbar"},"content":{"rendered":"<p>Prometheus Mini Brennofen PRO-1 mit digitaler Steuerung<br \/>\nDer Prometheus Mini Brennofen PRO-1 mit digitaler Steuerung ist ein spezieller Schmuckbrennofen, der sich f\u00fcr den Gebrauch in der Werkstatt oder zu Hause eignet. Der Ofen ist ideal f\u00fcr Art Clay \/ Silberton, Prometheus Clay und Emaillieren sowie Glasfusing. Er kann auch zum Gl\u00fchen und H\u00e4rten von Silber, Gold und anderen Metallen verwendet werden.  <\/p>\n<p>Der Prometheus Mini-Ofen verf\u00fcgt \u00fcber vier digitale Regler, mit denen der Benutzer den Schmuckofen auf die gew\u00fcnschte Temperatur einstellen kann. Der Ofen heizt auf diese Temperatur auf, bis er ausgeschaltet wird. Der Benutzer muss verfolgen, wie lange der Ton gebrannt hat und den Ofen dann manuell ausschalten.  <\/p>\n<p>Suchen Sie einen vollst\u00e4ndig programmierbaren Backofen? Dann sollten Sie den Prometheus Programmable PRO-1 PRG in Betracht ziehen. Die wichtigsten Merkmale des Prometheus Mini-Ofens PRO-1 sind:  <\/p>\n<p>Maximale Backtemperatur von 1000\u00baC<br \/>\nT\u00fcr mit 90\u00b0-\u00d6ffnung<br \/>\nDigitale Temperaturkontrolle und Vier-Tasten-Display<br \/>\nCool-Touch-Griff<br \/>\nGut bel\u00fcftetes, pulverbeschichtetes Au\u00dfengeh\u00e4use.<br \/>\nHeizelemente : 4; oben, unten und an den Seiten<br \/>\n220V Betriebsspannung 3,2 Ampere 700 Watt<br \/>\nGesamtgewicht 5,7kg.<\/p>\n<p>Europ\u00e4ischer Stecker.<\/p>\n<p>Au\u00dfenma\u00dfe: 225 x 220 x 280 mm (Breite x Tiefe x H\u00f6he) Hinweis: Diese Ma\u00dfe gelten ohne den Griff. Abmessungen der Brennkammer: 115 x 130 x 70 mm (Breite x Tiefe x H\u00f6he)<br \/>\n2 Jahre Herstellergarantie, ausgenommen unsachgem\u00e4\u00dfe Lagerung und Verwendung. <\/p>\n<p>Interner technischer Service.<\/p>\n<p>Auch verf\u00fcgbar<br \/>\nPro 1 PRG (Allerdings programmierbar)<\/p>\n<p>Pro 7 PRG (Extra gro\u00df und programmierbar)<\/p>\n<p>&nbsp;<\/p>\n","protected":false},"excerpt":{"rendered":"<p>Prometheus Mini Brennofen PRO-1 mit digitaler Steuerung<br \/>\nDer Prometheus Mini Brennofen PRO-1 mit digitaler Steuerung ist ein spezieller Schmuckbrennofen, der sich f\u00fcr den Gebrauch in der Werkstatt oder zu Hause eignet. Der Ofen ist ideal f\u00fcr Art Clay \/ Silberton, Prometheus Clay und Emaillieren sowie Glasfusing. Er kann auch zum Gl\u00fchen und H\u00e4rten von Silber, Gold und anderen Metallen verwendet werden.  <\/p>\n<p>Der Prometheus Mini-Ofen verf\u00fcgt \u00fcber vier digitale Regler, mit denen der Benutzer den Schmuckofen auf die gew\u00fcnschte Temperatur einstellen kann. Der Ofen heizt auf diese Temperatur auf, bis er ausgeschaltet wird. Der Benutzer muss verfolgen, wie lange der Ton gebrannt hat und den Ofen dann manuell ausschalten.  <\/p>\n<p>Suchen Sie einen vollst\u00e4ndig programmierbaren Backofen? Dann sollten Sie den Prometheus Programmable PRO-1 PRG in Betracht ziehen. Die wichtigsten Merkmale des Prometheus Mini-Ofens PRO-1 sind:  <\/p>\n<p>Maximale Backtemperatur von 1000\u00baC<br \/>\nT\u00fcr mit 90\u00b0-\u00d6ffnung<br \/>\nDigitale Temperaturkontrolle und Vier-Tasten-Display<br \/>\nCool-Touch-Griff<br \/>\nGut bel\u00fcftetes, pulverbeschichtetes Au\u00dfengeh\u00e4use.<br \/>\nHeizelemente : 4; oben, unten und an den Seiten<br \/>\n220V Betriebsspannung 3,2 Ampere 700 Watt<br \/>\nGesamtgewicht 5,7kg.<\/p>\n<p>Europ\u00e4ischer Stecker.<\/p>\n<p>&nbsp;<\/p>\n<p>Au\u00dfenma\u00dfe: 225 x 220 x 280 mm (Breite x Tiefe x H\u00f6he) Hinweis: Diese Ma\u00dfe gelten ohne den Griff. Abmessungen der Brennkammer: 115 x 130 x 70 mm (Breite x Tiefe x H\u00f6he)<br \/>\n2 Jahre Herstellergarantie, ausgenommen unsachgem\u00e4\u00dfe Lagerung und Verwendung. <\/p>\n<p>Interner technischer Service.<\/p>\n<p>&nbsp;<\/p>\n<p>&nbsp;<\/p>\n","protected":false},"featured_media":18245,"comment_status":"closed","ping_status":"closed","template":"","meta":{"_acf_changed":false,"_seopress_robots_primary_cat":"none","_seopress_titles_title":"","_seopress_titles_desc":"","_seopress_robots_index":""},"more":[],"product_brand":[],"product_cat":[9853,7505,11310,7717,7996],"product_tag":[9197,9087,6438,8543,9091,10908,11311,13937,7387,6903,11314,7197,9496,9095,13941,11874,13935,10814,7808,10766,6767,6769,6692,13939,11313,8007,8261,7111,7131,6905,6421,6444,7557,6441,11647,6682,8001,8005,11375,7133,10845,10866,6419,6417,8022,11315,8580,6500,6435],"class_list":{"0":"post-18229","1":"product","2":"type-product","3":"status-publish","4":"has-post-thumbnail","6":"product_cat-bake-off","7":"product_cat-emaillierwerkzeuge-und-zubehor","8":"product_cat-ofen","9":"product_cat-verkauf","10":"product_cat-werkzeuge-und-zubehor-fur-glas","11":"product_tag-9197","12":"product_tag-abbacken","13":"product_tag-artclaysilver","14":"product_tag-aussie","15":"product_tag-backofen","16":"product_tag-brennen","17":"product_tag-brennofen","18":"product_tag-brennofen-silber-ton","19":"product_tag-bronze","20":"product_tag-bronze-ton","21":"product_tag-digital","22":"product_tag-emaille","23":"product_tag-emaille-4","24":"product_tag-fackel","25":"product_tag-fackelbefeuerung","26":"product_tag-gasbrenner","27":"product_tag-gasherd","28":"product_tag-glas-2","29":"product_tag-glas","30":"product_tag-glasperlen","31":"product_tag-gold","32":"product_tag-goldton","33":"product_tag-handbuch","34":"product_tag-herd","35":"product_tag-keramik-4","36":"product_tag-keramik","37":"product_tag-klein-2","38":"product_tag-kunst-ton","39":"product_tag-kupfer","40":"product_tag-kupferton","41":"product_tag-machen","42":"product_tag-metalclay","43":"product_tag-metall","44":"product_tag-metallton","45":"product_tag-ofen","46":"product_tag-ohrringe","47":"product_tag-pmc","48":"product_tag-porzellan-2","49":"product_tag-porzellan-3","50":"product_tag-prometheus","51":"product_tag-schmelzen-2","52":"product_tag-schmelzen-3","53":"product_tag-schmuck","54":"product_tag-silber","55":"product_tag-silberlehm","56":"product_tag-thermostat","57":"product_tag-tipps","58":"product_tag-ton-2","59":"product_tag-ton","60":"product_shipping_class-standard","62":"first","63":"instock","64":"sale","65":"taxable","66":"shipping-taxable","67":"purchasable","68":"product-type-simple"},"acf":[],"_links":{"self":[{"href":"https:\/\/esquell.eu\/de\/wp-json\/wp\/v2\/product\/18229","targetHints":{"allow":["GET"]}}],"collection":[{"href":"https:\/\/esquell.eu\/de\/wp-json\/wp\/v2\/product"}],"about":[{"href":"https:\/\/esquell.eu\/de\/wp-json\/wp\/v2\/types\/product"}],"replies":[{"embeddable":true,"href":"https:\/\/esquell.eu\/de\/wp-json\/wp\/v2\/comments?post=18229"}],"wp:featuredmedia":[{"embeddable":true,"href":"https:\/\/esquell.eu\/de\/wp-json\/wp\/v2\/media\/18245"}],"wp:attachment":[{"href":"https:\/\/esquell.eu\/de\/wp-json\/wp\/v2\/media?parent=18229"}],"wp:term":[{"taxonomy":"more","embeddable":true,"href":"https:\/\/esquell.eu\/de\/wp-json\/wp\/v2\/more?post=18229"},{"taxonomy":"product_brand","embeddable":true,"href":"https:\/\/esquell.eu\/de\/wp-json\/wp\/v2\/product_brand?post=18229"},{"taxonomy":"product_cat","embeddable":true,"href":"https:\/\/esquell.eu\/de\/wp-json\/wp\/v2\/product_cat?post=18229"},{"taxonomy":"product_tag","embeddable":true,"href":"https:\/\/esquell.eu\/de\/wp-json\/wp\/v2\/product_tag?post=18229"}],"curies":[{"name":"wp","href":"https:\/\/api.w.org\/{rel}","templated":true}]}}