{"id":13344,"date":"2025-04-03T09:15:40","date_gmt":"2025-04-03T09:15:40","guid":{"rendered":"https:\/\/esquell.eu\/product\/koffer-mit-marker-oval-1014\/"},"modified":"2025-04-03T09:15:40","modified_gmt":"2025-04-03T09:15:40","slug":"koffer-mit-marker-oval-1014","status":"publish","type":"product","link":"https:\/\/esquell.eu\/de\/produkt\/koffer-mit-marker-oval-1014\/","title":{"rendered":"Koffer mit Marker. Oval 10*14."},"content":{"rendered":"<div class=\"product-addition-content\">\n<p>Ovale L\u00fcnette f\u00fcr Steingr\u00f6\u00dfe 10*14.<\/p>\n<p>Feinsilber 999<\/p>\n<p>Geeignet zum Backen mit Silberton<\/p>\n<p>Dr\u00fccken Sie den Marker in den nassen Ton, bis er fest sitzt und brennen Sie ihn mit dem Ton. Oval, 10x14mm (dies ist die Gr\u00f6\u00dfe des Steins, der in die L\u00fcnette passt). Die H\u00f6he der L\u00fcnette betr\u00e4gt 3,2 mm.  <\/p>\n<\/div>\n","protected":false},"excerpt":{"rendered":"<p>Ovale L\u00fcnette f\u00fcr Steingr\u00f6\u00dfe 10*14.<\/p>\n<p>Feinsilber 999<\/p>\n<p>Geeignet zum Backen mit Silberton<\/p>\n<p>Dr\u00fccken Sie den Marker in den nassen Ton, bis er fest sitzt und brennen Sie ihn mit dem Ton. Oval, 10x14mm (dies ist die Gr\u00f6\u00dfe des Steins, der in die L\u00fcnette passt). Die H\u00f6he der L\u00fcnette betr\u00e4gt 3,2 mm.  <\/p>\n","protected":false},"featured_media":5867,"comment_status":"closed","ping_status":"closed","template":"","meta":{"_acf_changed":false,"_seopress_robots_primary_cat":"none","_seopress_titles_title":"","_seopress_titles_desc":"","_seopress_robots_index":""},"more":[],"product_brand":[6518],"product_cat":[11005,11006],"product_tag":[6446,6492,11008,6438,7551,11009,6512,7463,7953,8535,10666,6452,6673,6510,6421,6444,6441,7955,7317,11011,6891,11007,7133,6419,7086,6464,7334,11010,6449,6814,7457],"class_list":{"0":"post-13344","1":"product","2":"type-product","3":"status-publish","4":"has-post-thumbnail","6":"product_brand-prometheus","7":"product_cat-siedlungen-und-chatons","8":"product_cat-teile-die-fur-das-co-brennen-mit-metallton-geeignet-sind","9":"product_tag-aida","10":"product_tag-artclay","11":"product_tag-artclayoverseas","12":"product_tag-artclaysilver","13":"product_tag-artclayworld","14":"product_tag-bessel","15":"product_tag-blenden","16":"product_tag-bruhgruppe","17":"product_tag-einstellung","18":"product_tag-einstellung-2","19":"product_tag-einstellungen","20":"product_tag-groshandel","21":"product_tag-japan","22":"product_tag-lunette","23":"product_tag-machen","24":"product_tag-metalclay","25":"product_tag-metallton","26":"product_tag-naturlich","27":"product_tag-naturstein","28":"product_tag-odak","29":"product_tag-online-shop","30":"product_tag-oval","31":"product_tag-prometheus","32":"product_tag-schmuck","33":"product_tag-silberschmiede","34":"product_tag-stein","35":"product_tag-stein-2","36":"product_tag-strassstein-2","37":"product_tag-verteiler","38":"product_tag-webshop","39":"product_tag-zetkast","40":"product_shipping_class-standard","42":"first","43":"instock","44":"taxable","45":"shipping-taxable","46":"purchasable","47":"product-type-simple"},"acf":[],"_links":{"self":[{"href":"https:\/\/esquell.eu\/de\/wp-json\/wp\/v2\/product\/13344","targetHints":{"allow":["GET"]}}],"collection":[{"href":"https:\/\/esquell.eu\/de\/wp-json\/wp\/v2\/product"}],"about":[{"href":"https:\/\/esquell.eu\/de\/wp-json\/wp\/v2\/types\/product"}],"replies":[{"embeddable":true,"href":"https:\/\/esquell.eu\/de\/wp-json\/wp\/v2\/comments?post=13344"}],"wp:featuredmedia":[{"embeddable":true,"href":"https:\/\/esquell.eu\/de\/wp-json\/wp\/v2\/media\/5867"}],"wp:attachment":[{"href":"https:\/\/esquell.eu\/de\/wp-json\/wp\/v2\/media?parent=13344"}],"wp:term":[{"taxonomy":"more","embeddable":true,"href":"https:\/\/esquell.eu\/de\/wp-json\/wp\/v2\/more?post=13344"},{"taxonomy":"product_brand","embeddable":true,"href":"https:\/\/esquell.eu\/de\/wp-json\/wp\/v2\/product_brand?post=13344"},{"taxonomy":"product_cat","embeddable":true,"href":"https:\/\/esquell.eu\/de\/wp-json\/wp\/v2\/product_cat?post=13344"},{"taxonomy":"product_tag","embeddable":true,"href":"https:\/\/esquell.eu\/de\/wp-json\/wp\/v2\/product_tag?post=13344"}],"curies":[{"name":"wp","href":"https:\/\/api.w.org\/{rel}","templated":true}]}}