{"id":11004,"date":"2025-02-10T14:14:34","date_gmt":"2025-02-10T14:14:34","guid":{"rendered":"https:\/\/esquell.eu\/esquell\/"},"modified":"2026-04-15T07:12:18","modified_gmt":"2026-04-15T07:12:18","slug":"esquell","status":"publish","type":"page","link":"https:\/\/esquell.eu\/de\/","title":{"rendered":"Esquell"},"content":{"rendered":"\n<div class=\"block block-text my-5 my-lg-7\">\n            <div class=\"container\">\n                <div class=\"row\">\n                <div class=\"col-12 col-lg-10 col-xxl-8 mx-auto\">\n                    <h3 data-start=\"243\" data-end=\"327\"><strong data-start=\"243\" data-end=\"325\">Der Webshop f\u00fcr Silberknete \/ Art Clay Silber und andere Arten von Metallknete, langlebige und hochwertige Schmuckmaterialien, Werkzeuge und anderes Zubeh\u00f6r f\u00fcr Schmuckhersteller  <\/strong><\/h3>\n<p data-start=\"571\" data-end=\"905\">Als <strong data-start=\"575\" data-end=\"621\">offizieller Vertriebspartner von Art Clay Silver<\/strong> liefern wir original <strong data-start=\"644\" data-end=\"674\">Art Clay Silver\/Silver Clay, Gold Clay, Kupfer Clay und Bronze Clay <\/strong>sowie Zubeh\u00f6r direkt ab Lager, schnell und zuverl\u00e4ssig. Unser Webshop ist die richtige Anlaufstelle f\u00fcr Hobby- und Profischmuckmacher, die mit <strong data-start=\"842\" data-end=\"902\">Silber, Silberknete und anderen haltbaren Schmuckmaterialien<\/strong> arbeiten. <\/p>\n<p data-start=\"907\" data-end=\"941\">In unserem Online Shop werden Sie f\u00fcndig:<\/p>\n<ul data-start=\"942\" data-end=\"1151\">\n<li data-start=\"942\" data-end=\"1009\">\n<p data-start=\"944\" data-end=\"1009\">Eine gro\u00dfe Auswahl an <strong data-start=\"964\" data-end=\"1007\">Silber Clay und Art Clay Silver Produkten<\/strong><\/p>\n<\/li>\n<li data-start=\"1010\" data-end=\"1078\">\n<p data-start=\"1012\" data-end=\"1078\">Professionelle <strong data-start=\"1026\" data-end=\"1076\">Werkzeuge, Zubeh\u00f6r und Accessoires f\u00fcr die Schmuckherstellung<\/strong><\/p>\n<\/li>\n<li data-start=\"1079\" data-end=\"1151\">\n<p data-start=\"1081\" data-end=\"1151\">Inspirierende Materialien und Tipps f\u00fcr Anf\u00e4nger und Experten<\/p>\n<\/li>\n<\/ul>\n<p data-start=\"1153\" data-end=\"1323\">Neben unserem Webshop bieten wir auch <strong data-start=\"1186\" data-end=\"1226\">zertifizierte Silberton-Workshops<\/strong> an, in denen Sie Techniken erlernen und sich inspirieren lassen k\u00f6nnen, um das Beste aus Ihrem Material zu machen.<\/p>\n<p data-start=\"1325\" data-end=\"1485\">Ob Sie ein <strong data-start=\"1338\" data-end=\"1384\">Anf\u00e4nger<\/strong> sind <strong data-start=\"1338\" data-end=\"1384\">, der Silberton entdecken m\u00f6chte<\/strong>, oder ein erfahrener Hersteller, der nach dem besten Material sucht &#8211; bei Esquell finden Sie alles, was Sie brauchen.<\/p>\n\n                                    <\/div>\n            <\/div>\n            <\/div>\n    <\/div>\n<div class=\"block producten-slider my-5 my-lg-7\" data-id=\"55ee\">\n    <div class=\"container\">\n        <div class=\"row mb-4\">\n            <div class=\"col top-wrapper\">\n                <div class=\"content-wrapper\">\n                    <h2 class=\"block-title\"> Ausgew\u00e4hlte Kategorien<\/h2>\n                <\/div>\n\n                            <\/div>\n        <\/div>\n    <\/div>\n\n    <div class=\"bg-wrapper\">\n        <div class=\"container-fluid container-md overflow-hidden\">\n            <div class=\"row\">\n                <div class=\"col\">\n\n                    <div class=\"product-slider-55ee\">\n                                                                    <\/div>\n                <\/div>\n            <\/div>\n        <\/div>\n    <\/div>\n<\/div>\n<div class=\"block block-product-categories my-5 my-lg-7\">\n    <div class=\"container\">\n        <div class=\"row\">\n            <div class=\"col-12 col-lg-3\">\n                <div class=\"content-wrapper mb-4 mb-lg-0\">\n\n                    <p>Noch mehr Schmuckzubeh\u00f6r finden Sie in unserem Shop.<\/p>\n\n                                            <div class=\"btn-wrapper mt-4\">\n                            <a class=\"btn btn-primary\" href=\"https:\/\/esquell.eu\/webshop\/\" target=\"_self\">Zum Shop gehen<\/a>\n                        <\/div>\n                                    <\/div>\n            <\/div>\n                            <div class=\"col-12 col-lg-9\">\n                    <div class=\"row g-3\">\n\n                        \n                            <div class=\"col-12 col-md-6 col-lg-4\">\n                                <a class=\"card card-hover\" href=\"https:\/\/esquell.eu\/product-categorie\/sieraad-onderdelen\/draad-en-plaat\/\">\n\n                                                                            <div class=\"card-img\">\n                                            <img decoding=\"async\" width=\"300\" height=\"300\" src=\"https:\/\/esquell.eu\/app\/uploads\/2025\/11\/draad-en-plaat-300x300.webp\" class=\"attachment-medium size-medium\" alt=\"\" srcset=\"https:\/\/esquell.eu\/app\/uploads\/2025\/11\/draad-en-plaat-300x300.webp 300w, https:\/\/esquell.eu\/app\/uploads\/2025\/11\/draad-en-plaat-150x150.webp 150w, https:\/\/esquell.eu\/app\/uploads\/2025\/11\/draad-en-plaat-100x100.webp 100w, https:\/\/esquell.eu\/app\/uploads\/2025\/11\/draad-en-plaat.webp 600w\" sizes=\"auto, (max-width: 300px) 100vw, 300px\" loading=\"lazy\" \/>                                        <\/div>\n                                                                        <div class=\"card-body\">\n                                        <h2 class=\"card-title\"> Draad en plaat<\/h2>\n                                    <\/div>\n                                <\/a>\n                            <\/div>\n                        \n                            <div class=\"col-12 col-md-6 col-lg-4\">\n                                <a class=\"card card-hover\" href=\"https:\/\/esquell.eu\/product-categorie\/aanbiedingen\/\">\n\n                                                                            <div class=\"card-img\">\n                                            <img decoding=\"async\" width=\"285\" height=\"184\" src=\"https:\/\/esquell.eu\/app\/uploads\/2025\/11\/sale-icon.webp\" class=\"attachment-medium size-medium\" alt=\"\" loading=\"lazy\" \/>                                        <\/div>\n                                                                        <div class=\"card-body\">\n                                        <h2 class=\"card-title\"> Sale<\/h2>\n                                    <\/div>\n                                <\/a>\n                            <\/div>\n                        \n                            <div class=\"col-12 col-md-6 col-lg-4\">\n                                <a class=\"card card-hover\" href=\"https:\/\/esquell.eu\/product-categorie\/clay\/\">\n\n                                                                            <div class=\"card-img\">\n                                            <img decoding=\"async\" width=\"300\" height=\"300\" src=\"https:\/\/esquell.eu\/app\/uploads\/2025\/11\/metaalklei-art-clay-silver-300x300.webp\" class=\"attachment-medium size-medium\" alt=\"\" srcset=\"https:\/\/esquell.eu\/app\/uploads\/2025\/11\/metaalklei-art-clay-silver-300x300.webp 300w, https:\/\/esquell.eu\/app\/uploads\/2025\/11\/metaalklei-art-clay-silver-150x150.webp 150w, https:\/\/esquell.eu\/app\/uploads\/2025\/11\/metaalklei-art-clay-silver-100x100.webp 100w, https:\/\/esquell.eu\/app\/uploads\/2025\/11\/metaalklei-art-clay-silver.webp 600w\" sizes=\"auto, (max-width: 300px) 100vw, 300px\" loading=\"lazy\" \/>                                        <\/div>\n                                                                        <div class=\"card-body\">\n                                        <h2 class=\"card-title\"> Metaalklei, Art Clay Silver<\/h2>\n                                    <\/div>\n                                <\/a>\n                            <\/div>\n                        \n                            <div class=\"col-12 col-md-6 col-lg-4\">\n                                <a class=\"card card-hover\" href=\"https:\/\/esquell.eu\/product-categorie\/starterskit-startpakketten\/\">\n\n                                                                            <div class=\"card-img\">\n                                            <img decoding=\"async\" width=\"300\" height=\"300\" src=\"https:\/\/esquell.eu\/app\/uploads\/2025\/11\/startpakketten-300x300.webp\" class=\"attachment-medium size-medium\" alt=\"\" srcset=\"https:\/\/esquell.eu\/app\/uploads\/2025\/11\/startpakketten-300x300.webp 300w, https:\/\/esquell.eu\/app\/uploads\/2025\/11\/startpakketten-150x150.webp 150w, https:\/\/esquell.eu\/app\/uploads\/2025\/11\/startpakketten-100x100.webp 100w, https:\/\/esquell.eu\/app\/uploads\/2025\/11\/startpakketten.webp 600w\" sizes=\"auto, (max-width: 300px) 100vw, 300px\" loading=\"lazy\" \/>                                        <\/div>\n                                                                        <div class=\"card-body\">\n                                        <h2 class=\"card-title\"> Startpakketten<\/h2>\n                                    <\/div>\n                                <\/a>\n                            <\/div>\n                        \n                            <div class=\"col-12 col-md-6 col-lg-4\">\n                                <a class=\"card card-hover\" href=\"https:\/\/esquell.eu\/product-categorie\/sieraad-onderdelen\/\">\n\n                                                                            <div class=\"card-img\">\n                                            <img decoding=\"async\" width=\"300\" height=\"300\" src=\"https:\/\/esquell.eu\/app\/uploads\/2025\/11\/sieraad-onderdelen-300x300.webp\" class=\"attachment-medium size-medium\" alt=\"\" srcset=\"https:\/\/esquell.eu\/app\/uploads\/2025\/11\/sieraad-onderdelen-300x300.webp 300w, https:\/\/esquell.eu\/app\/uploads\/2025\/11\/sieraad-onderdelen-150x150.webp 150w, https:\/\/esquell.eu\/app\/uploads\/2025\/11\/sieraad-onderdelen-100x100.webp 100w, https:\/\/esquell.eu\/app\/uploads\/2025\/11\/sieraad-onderdelen.webp 600w\" sizes=\"auto, (max-width: 300px) 100vw, 300px\" loading=\"lazy\" \/>                                        <\/div>\n                                                                        <div class=\"card-body\">\n                                        <h2 class=\"card-title\"> Sieraad onderdelen<\/h2>\n                                    <\/div>\n                                <\/a>\n                            <\/div>\n                        \n                            <div class=\"col-12 col-md-6 col-lg-4\">\n                                <a class=\"card card-hover\" href=\"https:\/\/esquell.eu\/product-categorie\/nieuwe-benodigdheden-voor-sieradenmakers-sieradenmaken\/\">\n\n                                                                            <div class=\"card-img\">\n                                            <img decoding=\"async\" width=\"285\" height=\"184\" src=\"https:\/\/esquell.eu\/app\/uploads\/2025\/11\/new-icon.webp\" class=\"attachment-medium size-medium\" alt=\"\" loading=\"lazy\" \/>                                        <\/div>\n                                                                        <div class=\"card-body\">\n                                        <h2 class=\"card-title\"> Nieuw<\/h2>\n                                    <\/div>\n                                <\/a>\n                            <\/div>\n                        \n\n                    <\/div>\n\n                <\/div>\n                    <\/div>\n    <\/div>\n<\/div>\n\n\n<div class=\"block block-img-text my-5 my-lg-7\">\n    <div class=\"container\">\n\n                    <div class=\"row align-items-center\">\n                <div class=\"col-12 col-lg-5 offset-0 offset-lg-0\">\n                    <div class=\"img-wrapper mb-4 mb-lg-0\">\n                                                    <img decoding=\"async\" width=\"210\" height=\"210\" src=\"https:\/\/esquell.eu\/app\/uploads\/2025\/11\/staffelkorting-210x210px.webp\" class=\"attachment-large size-large\" alt=\"Staffelkorting\" srcset=\"https:\/\/esquell.eu\/app\/uploads\/2025\/11\/staffelkorting-210x210px.webp 210w, https:\/\/esquell.eu\/app\/uploads\/2025\/11\/staffelkorting-210x210px-150x150.webp 150w, https:\/\/esquell.eu\/app\/uploads\/2025\/11\/staffelkorting-210x210px-100x100.webp 100w\" sizes=\"auto, (max-width: 210px) 100vw, 210px\" loading=\"lazy\" \/>                                            <\/div>\n                <\/div>\n                <div class=\"col-12 col-lg-6 mx-auto\">\n                    <h3 data-start=\"243\" data-end=\"273\"><strong data-start=\"247\" data-end=\"273\">Was ist Mengenrabattierung?<\/strong><\/h3>\n<p data-start=\"274\" data-end=\"451\">Der Mitarbeiterrabatt ist ein Rabatt, den Sie <strong data-start=\"316\" data-end=\"370\"> auf der Grundlage der gekauften Menge<\/strong> erhalten. Je mehr Sie kaufen, desto h\u00f6her ist der Rabatt. <\/p>\n<hr data-start=\"453\" data-end=\"456\">\n<h3 data-start=\"458\" data-end=\"479\"><strong data-start=\"462\" data-end=\"479\">Wie es funktioniert<\/strong><\/h3>\n<ol data-start=\"480\" data-end=\"1586\">\n<li data-start=\"480\" data-end=\"713\">\n<p data-start=\"483\" data-end=\"602\"><strong data-start=\"483\" data-end=\"525\">Bestimmte Produkte sind f\u00f6rderf\u00e4hig<\/strong><\/p>\n<ul data-start=\"606\" data-end=\"713\">\n<li data-start=\"606\" data-end=\"618\">\n<p data-start=\"608\" data-end=\"618\">Zirconias<\/p>\n<\/li>\n<li data-start=\"622\" data-end=\"633\">\n<p data-start=\"624\" data-end=\"633\">Cabochons<\/p>\n<\/li>\n<li data-start=\"637\" data-end=\"665\">\n<p data-start=\"639\" data-end=\"665\">Bestimmte (Silber-)Schmuckkomponenten<\/p>\n<\/li>\n<li data-start=\"669\" data-end=\"713\">\n<p data-start=\"671\" data-end=\"713\">Alle anderen ausgew\u00e4hlten Produkte<\/p>\n<\/li>\n<\/ul>\n<\/li>\n<li data-start=\"715\" data-end=\"1005\">\n<p data-start=\"718\" data-end=\"803\"><strong data-start=\"718\" data-end=\"755\">Rabatt pro gekaufter Menge<\/strong><\/p>\n<\/li>\n<li data-start=\"715\" data-end=\"1005\">\n<p data-start=\"718\" data-end=\"803\"><strong data-start=\"718\" data-end=\"755\">Je mehr Sie kaufen, desto mehr sparen Sie!<\/strong><\/p>\n<\/li>\n<li data-start=\"715\" data-end=\"1005\">\n<p data-start=\"1010\" data-end=\"1046\"><strong data-start=\"1010\" data-end=\"1044\">Wie der Rabatt angewendet wird<\/strong><\/p>\n<ul data-start=\"1050\" data-end=\"1326\">\n<li data-start=\"1050\" data-end=\"1163\">\n<p data-start=\"1052\" data-end=\"1163\">Der Rabatt wird <strong data-start=\"1069\" data-end=\"1132\">automatisch im Einkaufswagen oder an der Kasse berechnet<\/strong>,<\/p>\n<\/li>\n<\/ul>\n<\/li>\n<\/ol>\n\n                    \n\n\n                <\/div>\n            <\/div>\n\n        \n    <\/div>\n<\/div>\n\n\n<div class=\"block block-img-text my-5 my-lg-7\">\n    <div class=\"container\">\n\n                    <div class=\"row align-items-center\">\n\n                <div class=\"col-12 col-lg-5 offset-0 offset-lg-0 order-0 order-lg-1 \">\n                    <div class=\"img-wrapper mb-4 mb-lg-0\">\n                                                    <img decoding=\"async\" width=\"640\" height=\"455\" src=\"https:\/\/esquell.eu\/app\/uploads\/2025\/11\/Giftcard-foto-webshop.png\" class=\"attachment-large size-large\" alt=\"\" srcset=\"https:\/\/esquell.eu\/app\/uploads\/2025\/11\/Giftcard-foto-webshop.png 894w, https:\/\/esquell.eu\/app\/uploads\/2025\/11\/Giftcard-foto-webshop-300x213.png 300w, https:\/\/esquell.eu\/app\/uploads\/2025\/11\/Giftcard-foto-webshop-768x546.png 768w, https:\/\/esquell.eu\/app\/uploads\/2025\/11\/Giftcard-foto-webshop-600x426.png 600w\" sizes=\"auto, (max-width: 640px) 100vw, 640px\" loading=\"lazy\" \/>                                            <\/div>\n                <\/div>\n                <div class=\"col-12 col-lg-6 order-1 order-lg-0 mx-auto\">\n                    <h2>Geschenkgutschein (Betrag Ihrer Wahl)<\/h2>\n<p>Dieser kreative Geschenkgutschein kann in unserem Webshop oder f\u00fcr einen Workshop Ihrer Wahl eingel\u00f6st werden. Sch\u00f6n zu schenken und noch sch\u00f6ner zu bekommen. Der Geschenkgutschein ist 3 Jahre lang g\u00fcltig.  <\/p>\n<p>* Wir k\u00f6nnen den Geschenkgutschein f\u00fcr Sie personalisieren, mit dem Namen des Empf\u00e4ngers versehen oder ihn speziell f\u00fcr einen Workshop Ihrer Wahl oder nur f\u00fcr den Webshop gestalten.<\/p>\n<p><strong>W\u00fcrden Sie lieber ein nachhaltiges Geschenk machen oder erhalten?  <\/strong><br \/>\nBei einem Art Clay Silberschmuck Workshop arbeiten wir mit recyceltem Silber.<\/p>\n\n                                            <div class=\"btn-wrapper mt-4\">\n                            <a class=\"btn btn-primary\" href=\"https:\/\/esquell.eu\/de\/produkt\/geschenkgutschein-betrag-ihrer-wahl\/\" target=\"_self\">Ich m\u00f6chte einen Geschenkgutschein<\/a>\n                        <\/div>\n\n                                    <\/div>\n            <\/div>\n        \n    <\/div>\n<\/div>\n\n\n<div class=\"block block-img-text my-5 my-lg-7\">\n    <div class=\"container\">\n\n                    <div class=\"row align-items-center\">\n                <div class=\"col-12 col-lg-5 offset-0 offset-lg-0\">\n                    <div class=\"img-wrapper mb-4 mb-lg-0\">\n                                                    <img decoding=\"async\" width=\"640\" height=\"640\" src=\"https:\/\/esquell.eu\/app\/uploads\/2025\/11\/esquell-events-1024x1024.webp\" class=\"attachment-large size-large\" alt=\"\" srcset=\"https:\/\/esquell.eu\/app\/uploads\/2025\/11\/esquell-events-1024x1024.webp 1024w, https:\/\/esquell.eu\/app\/uploads\/2025\/11\/esquell-events-300x300.webp 300w, https:\/\/esquell.eu\/app\/uploads\/2025\/11\/esquell-events-150x150.webp 150w, https:\/\/esquell.eu\/app\/uploads\/2025\/11\/esquell-events-768x768.webp 768w, https:\/\/esquell.eu\/app\/uploads\/2025\/11\/esquell-events-600x600.webp 600w, https:\/\/esquell.eu\/app\/uploads\/2025\/11\/esquell-events-100x100.webp 100w, https:\/\/esquell.eu\/app\/uploads\/2025\/11\/esquell-events.webp 1080w\" sizes=\"auto, (max-width: 640px) 100vw, 640px\" loading=\"lazy\" \/>                                            <\/div>\n                <\/div>\n                <div class=\"col-12 col-lg-6 mx-auto\">\n                    <h2>Ereignisse<\/h2>\n<p><strong>Geplante Workshops, Mini-Workshops, Messen und andere Veranstaltungen finden Sie hier<\/strong><\/p>\n<ul>\n<li><strong>Mini-Workshops Kreationswochenende &#8220;Gl\u00fcckliche Blumen&#8221;<br \/>\n<\/strong> Hardenberg 6-7 und 8 M\u00e4rz 2026<\/li>\n<\/ul>\n<p><img alt=\"\" loading=\"lazy\" decoding=\"async\" alt=\"\" class=\"alignnone size-medium wp-image-30316\" src=\"https:\/\/esquell.eu\/app\/uploads\/2025\/02\/mini-workshop-voorjaar-2026-foto-1-300x300.jpeg\" alt=\"\" width=\"300\" height=\"300\" srcset=\"https:\/\/esquell.eu\/app\/uploads\/2025\/02\/mini-workshop-voorjaar-2026-foto-1-300x300.jpeg 300w, https:\/\/esquell.eu\/app\/uploads\/2025\/02\/mini-workshop-voorjaar-2026-foto-1-1024x1024.jpeg 1024w, https:\/\/esquell.eu\/app\/uploads\/2025\/02\/mini-workshop-voorjaar-2026-foto-1-150x150.jpeg 150w, https:\/\/esquell.eu\/app\/uploads\/2025\/02\/mini-workshop-voorjaar-2026-foto-1-768x768.jpeg 768w, https:\/\/esquell.eu\/app\/uploads\/2025\/02\/mini-workshop-voorjaar-2026-foto-1-600x600.jpeg 600w, https:\/\/esquell.eu\/app\/uploads\/2025\/02\/mini-workshop-voorjaar-2026-foto-1-100x100.jpeg 100w, https:\/\/esquell.eu\/app\/uploads\/2025\/02\/mini-workshop-voorjaar-2026-foto-1.jpeg 1080w\" sizes=\"auto, (max-width: 300px) 100vw, 300px\" \/><\/p>\n<ul>\n<li><strong>Kurzer Kurs<\/strong> zur Herstellung von Silberschmuck. In Emmeloord Mittwochabende 18 und 25 M\u00e4rz , 1 und 8 April 2026 <\/li>\n<\/ul>\n\n                                            <div class=\"btn-wrapper mt-4\">\n                            <a class=\"btn btn-primary\" href=\"https:\/\/esquell.eu\/evenement\/\" target=\"_self\">Ereignisse<\/a>\n                        <\/div>\n\n                    \n\n\n                <\/div>\n            <\/div>\n\n        \n    <\/div>\n<\/div>\n\n\n<div class=\"block block-img-text my-5 my-lg-7\">\n    <div class=\"container\">\n\n                    <div class=\"row align-items-center\">\n                <div class=\"col-12 col-lg-5 offset-0 offset-lg-0\">\n                    <div class=\"img-wrapper mb-4 mb-lg-0\">\n                                                    <img decoding=\"async\" width=\"540\" height=\"735\" src=\"https:\/\/esquell.eu\/app\/uploads\/2025\/11\/esquell-beginners-guide.webp\" class=\"attachment-large size-large\" alt=\"\" srcset=\"https:\/\/esquell.eu\/app\/uploads\/2025\/11\/esquell-beginners-guide.webp 540w, https:\/\/esquell.eu\/app\/uploads\/2025\/11\/esquell-beginners-guide-220x300.webp 220w\" sizes=\"auto, (max-width: 540px) 100vw, 540px\" loading=\"lazy\" \/>                                            <\/div>\n                <\/div>\n                <div class=\"col-12 col-lg-6 mx-auto\">\n                    <h3>Machen Sie Ihren eigenen Silberschmuck zu Hause mit Art Clay Silver, Silver Clay.<\/h3>\n<p>Leitfaden f\u00fcr Einsteiger<\/p>\n<p>Sehen Sie sich 15 Serien mit grundlegenden Techniken der Schmuckherstellung mit Art Clay Silber an. Wenn Sie die Schritte mit diesen Videos lernen, k\u00f6nnen Sie viele verschiedene Arten von einfachen Ringen und Anh\u00e4ngern in vielen Ausf\u00fchrungen herstellen. <\/p>\n<p><a href=\"https:\/\/www.youtube.com\/playlist?list=PLNV9RRmkyYO2aNRoLNnIsMgcqqvCUWXJK\">Zur Playlist gehen<\/a><\/p>\n<p>In unserer Wissensdatenbank finden Sie einen kurzen Leitfaden mit den Grunds\u00e4tzen f\u00fcr die Arbeit mit Silberton \/ Art Clay Silver<\/p>\n<p><a href=\"https:\/\/esquell.eu\/de\/wissensdatenbank\/grundlegende-arbeitsweise-silber-ton-meta-ton\/\">Gehen Sie zu Grundlegende Arbeitsweise Silberton<\/a><\/p>\n\n                    \n\n\n                <\/div>\n            <\/div>\n\n        \n    <\/div>\n<\/div>\n\n\n<div class=\"block block-img-text my-5 my-lg-7\">\n    <div class=\"container\">\n\n                    <div class=\"row align-items-center\">\n                <div class=\"col-12 col-lg-5 offset-0 offset-lg-0\">\n                    <div class=\"img-wrapper mb-4 mb-lg-0\">\n                                                    <img decoding=\"async\" width=\"640\" height=\"640\" src=\"https:\/\/esquell.eu\/app\/uploads\/2025\/11\/esquell-workshop-1024x1024.webp\" class=\"attachment-large size-large\" alt=\"\" srcset=\"https:\/\/esquell.eu\/app\/uploads\/2025\/11\/esquell-workshop-1024x1024.webp 1024w, https:\/\/esquell.eu\/app\/uploads\/2025\/11\/esquell-workshop-300x300.webp 300w, https:\/\/esquell.eu\/app\/uploads\/2025\/11\/esquell-workshop-150x150.webp 150w, https:\/\/esquell.eu\/app\/uploads\/2025\/11\/esquell-workshop-768x768.webp 768w, https:\/\/esquell.eu\/app\/uploads\/2025\/11\/esquell-workshop-1536x1536.webp 1536w, https:\/\/esquell.eu\/app\/uploads\/2025\/11\/esquell-workshop-600x600.webp 600w, https:\/\/esquell.eu\/app\/uploads\/2025\/11\/esquell-workshop-100x100.webp 100w, https:\/\/esquell.eu\/app\/uploads\/2025\/11\/esquell-workshop.webp 1919w\" sizes=\"auto, (max-width: 640px) 100vw, 640px\" loading=\"lazy\" \/>                                            <\/div>\n                <\/div>\n                <div class=\"col-12 col-lg-6 mx-auto\">\n                    <h2><strong>Art Clay Silber Workshop<\/strong><\/h2>\n<p>Ein Workshop zur Herstellung von Silberschmuck aus Ton ist eine einzigartige kreative Erfahrung. W\u00e4hrend dieses Workshops werden Sie unter der Anleitung eines erfahrenen, zertifizierten Art Clay Silver Ausbilders reinen Silberschmuck herstellen. <\/p>\n<p>Schauen Sie sich das Workshop-Angebot von Esquell \u00fcber den unten stehenden Link an.<\/p>\n<p><strong>Sie m\u00f6chten einen Workshop machen, aber Atelier Esquell ist nicht in Ihrer N\u00e4he? Dann sehen Sie sich die Karte unten an. Auf dieser Karte finden Sie zertifizierte Dozenten in Ihrer N\u00e4he.  <\/strong><\/p>\n<p>&nbsp;<\/p>\n<p>&nbsp;<\/p>\n\n                                            <div class=\"btn-wrapper mt-4\">\n                            <a class=\"btn btn-primary\" href=\"https:\/\/esquell.eu\/workshop\/\" target=\"_self\">Mehr Informationen<\/a>\n                        <\/div>\n\n                    \n\n\n                <\/div>\n            <\/div>\n\n        \n    <\/div>\n<\/div>\n<div class=\"block block-maps my-5 my-lg-7\">\n    <div class=\"container\">\n        <div class=\"row\">\n            <div class=\"col-12\">\n                <iframe loading=\"lazy\" src=\"https:\/\/www.google.com\/maps\/d\/embed?mid=1b3VJ1bQ0aOfrx1tuZJQ-tQZMgLo8iEqU&amp;ehbc=2E312F\" width=\"640\" height=\"480\"><\/iframe>            <\/div>\n        <\/div>\n    <\/div>\n<\/div>","protected":false},"excerpt":{"rendered":"","protected":false},"author":1,"featured_media":27353,"parent":0,"menu_order":0,"comment_status":"closed","ping_status":"closed","template":"","meta":{"_acf_changed":false,"_seopress_robots_primary_cat":"","_seopress_titles_title":"Art Clay & Metaalklei Specialist | Workshops, Webshop & Academy | Esquell","_seopress_titles_desc":"Offici\u00eble distributeur van Art Clay (zilverklei) in de Benelux & Frankrijk. Shop metaalklei, gereedschap, kralen en meer, of schrijf je in voor workshops en trainingen via de Art Clay Academy.","_seopress_robots_index":"","footnotes":""},"class_list":["post-11004","page","type-page","status-publish","has-post-thumbnail","hentry"],"acf":[],"_links":{"self":[{"href":"https:\/\/esquell.eu\/de\/wp-json\/wp\/v2\/pages\/11004","targetHints":{"allow":["GET"]}}],"collection":[{"href":"https:\/\/esquell.eu\/de\/wp-json\/wp\/v2\/pages"}],"about":[{"href":"https:\/\/esquell.eu\/de\/wp-json\/wp\/v2\/types\/page"}],"author":[{"embeddable":true,"href":"https:\/\/esquell.eu\/de\/wp-json\/wp\/v2\/users\/1"}],"replies":[{"embeddable":true,"href":"https:\/\/esquell.eu\/de\/wp-json\/wp\/v2\/comments?post=11004"}],"version-history":[{"count":3,"href":"https:\/\/esquell.eu\/de\/wp-json\/wp\/v2\/pages\/11004\/revisions"}],"predecessor-version":[{"id":31708,"href":"https:\/\/esquell.eu\/de\/wp-json\/wp\/v2\/pages\/11004\/revisions\/31708"}],"wp:featuredmedia":[{"embeddable":true,"href":"https:\/\/esquell.eu\/de\/wp-json\/wp\/v2\/media\/27353"}],"wp:attachment":[{"href":"https:\/\/esquell.eu\/de\/wp-json\/wp\/v2\/media?parent=11004"}],"curies":[{"name":"wp","href":"https:\/\/api.w.org\/{rel}","templated":true}]}}